{"id":4588,"date":"2021-07-31T18:52:14","date_gmt":"2021-07-31T16:52:14","guid":{"rendered":"http:\/\/mfgthun.ch\/wordpress\/?page_id=4588"},"modified":"2025-07-28T22:12:01","modified_gmt":"2025-07-28T22:12:01","slug":"rundflug","status":"publish","type":"page","link":"https:\/\/mfgthun.ch\/wordpress\/rundflug\/","title":{"rendered":"<p style=\"text-align: left;\">Rundflug<\/p>"},"content":{"rendered":"<div id=\"pl-4588\"  class=\"panel-layout\" ><div id=\"pg-4588-0\"  class=\"panel-grid panel-no-style\" ><div id=\"pgc-4588-0-0\"  class=\"panel-grid-cell\" ><div id=\"panel-4588-0-0-0\" class=\"so-panel widget widget_sow-image panel-first-child\" data-index=\"0\" ><div\n\t\t\t\n\t\t\tclass=\"so-widget-sow-image so-widget-sow-image-default-dbf295114b96-4588\"\n\t\t\t\n\t\t>\n<div class=\"sow-image-container\">\n\t\t<img \n\tsrc=\"https:\/\/mfgthun.ch\/wordpress\/wp-content\/uploads\/2021\/07\/RF-Head-Image-scaled.jpg\" width=\"2560\" height=\"965\" srcset=\"https:\/\/mfgthun.ch\/wordpress\/wp-content\/uploads\/2021\/07\/RF-Head-Image-scaled.jpg 2560w, https:\/\/mfgthun.ch\/wordpress\/wp-content\/uploads\/2021\/07\/RF-Head-Image-300x113.jpg 300w, https:\/\/mfgthun.ch\/wordpress\/wp-content\/uploads\/2021\/07\/RF-Head-Image-1024x386.jpg 1024w, https:\/\/mfgthun.ch\/wordpress\/wp-content\/uploads\/2021\/07\/RF-Head-Image-768x289.jpg 768w, https:\/\/mfgthun.ch\/wordpress\/wp-content\/uploads\/2021\/07\/RF-Head-Image-1536x579.jpg 1536w, https:\/\/mfgthun.ch\/wordpress\/wp-content\/uploads\/2021\/07\/RF-Head-Image-2048x772.jpg 2048w\" sizes=\"(max-width: 2560px) 100vw, 2560px\" alt=\"\" loading=\"lazy\" \t\tclass=\"so-widget-image\"\/>\n\t<\/div>\n\n<\/div><\/div><div id=\"panel-4588-0-0-1\" class=\"so-panel widget widget_sow-editor\" data-index=\"1\" ><div\n\t\t\t\n\t\t\tclass=\"so-widget-sow-editor so-widget-sow-editor-base\"\n\t\t\t\n\t\t>\n<div class=\"siteorigin-widget-tinymce textwidget\">\n\t<h5 style=\"text-align: left;\"><span style=\"color: #000080;\">Heben Sie ab in die Schweizer Bergwelt oder erkunden Sie das vielseitige Mittelland aus der Vogelperspektive.<\/span><\/h5>\n<p><span style=\"color: #000080;\">Bereiten Sie jemandem eine besondere Freude und schenken Sie einen Gutschein. Wir freuen uns, Sie auf dem Flugplatz Thun an Board begr\u00fcssen zu d\u00fcrfen.<\/span><\/p>\n<\/div>\n<\/div><\/div><div id=\"panel-4588-0-0-2\" class=\"so-panel widget widget_sow-editor\" data-index=\"2\" ><div\n\t\t\t\n\t\t\tclass=\"so-widget-sow-editor so-widget-sow-editor-base\"\n\t\t\t\n\t\t>\n<div class=\"siteorigin-widget-tinymce textwidget\">\n\t<h3>FLUGROUTEN<\/h3>\n<p>Finden Sie verschiede Routenvorschl\u00e4ge zu vier Kategorien unterschiedlicher Flugdauer. Gerne stellen wir Ihnen auf Anfrage auch eine individuelle Flugroute zusammen. Bitte beachten Sie, dass aufgrund der meteorologischen Bedingungen oder durch Luftraumbeschr\u00e4nkungen eine Abweichung von der geplanten Flugroute notwendig sein kann.<\/p>\n<p><span style=\"color: #ff0000;\"><strong>Alle Preise gelten pro Flug f\u00fcr 2 Passagiere inklusiv MwSt.<\/strong><\/span><\/p>\n<\/div>\n<\/div><\/div><div id=\"panel-4588-0-0-3\" class=\"so-panel widget widget_sow-button\" data-index=\"3\" ><div\n\t\t\t\n\t\t\tclass=\"so-widget-sow-button so-widget-sow-button-atom-55fa42ac2efc-4588\"\n\t\t\t\n\t\t><div class=\"ow-button-base ow-button-align-left\"\n>\n\t\t\t<a\n\t\t\t\t\thref=\"https:\/\/mfgthun.ch\/wordpress\/rundflug-buchen\/\"\n\t\t\t\t\tclass=\"sowb-button ow-icon-placement-left ow-button-hover\" \t>\n\t\t<span>\n\t\t\t\n\t\t\tGutschein \/ Buchen\t\t<\/span>\n\t\t\t<\/a>\n\t<\/div>\n<\/div><\/div><div id=\"panel-4588-0-0-4\" class=\"so-panel widget widget_sow-image panel-last-child\" data-index=\"4\" ><div\n\t\t\t\n\t\t\tclass=\"so-widget-sow-image so-widget-sow-image-default-c67d20f9f743-4588\"\n\t\t\t\n\t\t>\n<div class=\"sow-image-container\">\n\t\t<img \n\tsrc=\"https:\/\/mfgthun.ch\/wordpress\/wp-content\/uploads\/2023\/05\/RF-Routenvorschlaege2023-scaled.jpg\" width=\"2560\" height=\"1810\" srcset=\"https:\/\/mfgthun.ch\/wordpress\/wp-content\/uploads\/2023\/05\/RF-Routenvorschlaege2023-scaled.jpg 2560w, https:\/\/mfgthun.ch\/wordpress\/wp-content\/uploads\/2023\/05\/RF-Routenvorschlaege2023-300x212.jpg 300w, https:\/\/mfgthun.ch\/wordpress\/wp-content\/uploads\/2023\/05\/RF-Routenvorschlaege2023-1024x724.jpg 1024w, https:\/\/mfgthun.ch\/wordpress\/wp-content\/uploads\/2023\/05\/RF-Routenvorschlaege2023-768x543.jpg 768w, https:\/\/mfgthun.ch\/wordpress\/wp-content\/uploads\/2023\/05\/RF-Routenvorschlaege2023-1536x1086.jpg 1536w, https:\/\/mfgthun.ch\/wordpress\/wp-content\/uploads\/2023\/05\/RF-Routenvorschlaege2023-2048x1448.jpg 2048w\" sizes=\"(max-width: 2560px) 100vw, 2560px\" title=\"TISCHSET_V2\" alt=\"\" loading=\"lazy\" \t\tclass=\"so-widget-image\"\/>\n\t<\/div>\n\n<\/div><\/div><\/div><\/div><div id=\"pg-4588-1\"  class=\"panel-grid panel-no-style\" ><div id=\"pgc-4588-1-0\"  class=\"panel-grid-cell\" ><div id=\"panel-4588-1-0-0\" class=\"so-panel widget widget_siteorigin-panels-builder panel-first-child panel-last-child\" data-index=\"5\" ><div class=\"panel-widget-style panel-widget-style-for-4588-1-0-0\" ><div id=\"pl-w646635256b825\"  class=\"panel-layout\" ><div id=\"pg-w646635256b825-0\"  class=\"panel-grid panel-no-style\" ><div id=\"pgc-w646635256b825-0-0\"  class=\"panel-grid-cell\" ><div id=\"panel-w646635256b825-0-0-0\" class=\"so-panel widget widget_sow-image panel-first-child panel-last-child\" data-index=\"0\" ><div\n\t\t\t\n\t\t\tclass=\"so-widget-sow-image so-widget-sow-image-default-4e6925654b7a\"\n\t\t\t\n\t\t>\n<div class=\"sow-image-container\">\n\t\t<img \n\tsrc=\"https:\/\/mfgthun.ch\/wordpress\/wp-content\/uploads\/2021\/07\/RF-Kategorie-A-Banner.jpg\" width=\"150\" height=\"38\" srcset=\"https:\/\/mfgthun.ch\/wordpress\/wp-content\/uploads\/2021\/07\/RF-Kategorie-A-Banner.jpg 2388w, https:\/\/mfgthun.ch\/wordpress\/wp-content\/uploads\/2021\/07\/RF-Kategorie-A-Banner-300x76.jpg 300w, https:\/\/mfgthun.ch\/wordpress\/wp-content\/uploads\/2021\/07\/RF-Kategorie-A-Banner-1024x261.jpg 1024w, https:\/\/mfgthun.ch\/wordpress\/wp-content\/uploads\/2021\/07\/RF-Kategorie-A-Banner-768x196.jpg 768w, https:\/\/mfgthun.ch\/wordpress\/wp-content\/uploads\/2021\/07\/RF-Kategorie-A-Banner-1536x391.jpg 1536w, https:\/\/mfgthun.ch\/wordpress\/wp-content\/uploads\/2021\/07\/RF-Kategorie-A-Banner-2048x521.jpg 2048w\" sizes=\"(max-width: 150px) 100vw, 150px\" title=\"RF Kategorie A Banner\" alt=\"\" loading=\"lazy\" \t\tclass=\"so-widget-image\"\/>\n\t<\/div>\n\n<\/div><\/div><\/div><div id=\"pgc-w646635256b825-0-1\"  class=\"panel-grid-cell\" ><div id=\"panel-w646635256b825-0-1-0\" class=\"so-panel widget widget_sow-button panel-first-child panel-last-child\" data-index=\"1\" ><div\n\t\t\t\n\t\t\tclass=\"so-widget-sow-button so-widget-sow-button-atom-144c983c4712\"\n\t\t\t\n\t\t><div class=\"ow-button-base ow-button-align-left\"\n>\n\t\t\t<a\n\t\t\t\t\thref=\"http:\/\/mfgthun.ch\/wordpress\/wp-content\/uploads\/2022\/03\/Route_A.pdf\"\n\t\t\t\t\tclass=\"sowb-button ow-icon-placement-left ow-button-hover\" target=\"_blank\" rel=\"noopener noreferrer\" \t>\n\t\t<span>\n\t\t\t\n\t\t\tRoutenkarte (Kat. A)\t\t<\/span>\n\t\t\t<\/a>\n\t<\/div>\n<\/div><\/div><\/div><\/div><div id=\"pg-w646635256b825-1\"  class=\"panel-grid panel-no-style\" ><div id=\"pgc-w646635256b825-1-0\"  class=\"panel-grid-cell\" ><div id=\"panel-w646635256b825-1-0-0\" class=\"so-panel widget widget_sow-editor panel-first-child panel-last-child\" data-index=\"2\" ><div class=\"panel-widget-style panel-widget-style-for-w646635256b825-1-0-0\" ><div\n\t\t\t\n\t\t\tclass=\"so-widget-sow-editor so-widget-sow-editor-base\"\n\t\t\t\n\t\t>\n<div class=\"siteorigin-widget-tinymce textwidget\">\n\t<h4 style=\"text-align: left;\"><strong>100 Flugminuten - CHF 690 (f\u00fcr 2 Pers.)<\/strong><\/h4>\n<p><strong>A1 - RHONETALER<\/strong><br \/>\nThun - Fribourg - Greyerz - Montreux - Martigny - Sion - Brig - Aletschgletscher - Eiger\/M\u00f6nch\/Jungfrau - Interlaken - Thun<\/p>\n<p><strong>A2 - MATTERHORN-BLITZ<\/strong><br \/>\nThun - Spiez - Kandertal - Gemmipass - Grande-Dixence - Matterhorn - Zermatt - Brig - Aletschgletscher - Eiger\/M\u00f6nch\/Jungfrau - Interlaken - Thun<\/p>\n<p><strong>A3 - DOTZE-SEE<br \/>\n<\/strong>Thun - (1) Thunersee - Interlaken - (2) Brienzersee - Br\u00fcnig - (3) Lungerersee - (4) Sarnersee - Pilatus - (5) Vierwaldst\u00e4ttersee - Luzern - (6) Zugersee - (7) Baldeggersee - (8) Sempachersee - Langenthal - Biel - (9) Bielersee - (10) Neuenburgersee - (11) Murtensee - Fribourg - (12) Greyerzersee - Thun<\/p>\n<\/div>\n<\/div><\/div><\/div><\/div><\/div><\/div><\/div><\/div><\/div><div id=\"pgc-4588-1-1\"  class=\"panel-grid-cell\" ><div id=\"panel-4588-1-1-0\" class=\"so-panel widget widget_sow-image panel-first-child\" data-index=\"6\" ><div\n\t\t\t\n\t\t\tclass=\"so-widget-sow-image so-widget-sow-image-default-e8513d21b1d5-4588\"\n\t\t\t\n\t\t>\n<div class=\"sow-image-container\">\n\t\t<img \n\tsrc=\"https:\/\/mfgthun.ch\/wordpress\/wp-content\/uploads\/2021\/08\/RF-Image2-Kat-A.jpg\" width=\"1729\" height=\"1116\" srcset=\"https:\/\/mfgthun.ch\/wordpress\/wp-content\/uploads\/2021\/08\/RF-Image2-Kat-A.jpg 1729w, https:\/\/mfgthun.ch\/wordpress\/wp-content\/uploads\/2021\/08\/RF-Image2-Kat-A-300x194.jpg 300w, https:\/\/mfgthun.ch\/wordpress\/wp-content\/uploads\/2021\/08\/RF-Image2-Kat-A-1024x661.jpg 1024w, https:\/\/mfgthun.ch\/wordpress\/wp-content\/uploads\/2021\/08\/RF-Image2-Kat-A-768x496.jpg 768w, https:\/\/mfgthun.ch\/wordpress\/wp-content\/uploads\/2021\/08\/RF-Image2-Kat-A-1536x991.jpg 1536w\" sizes=\"(max-width: 1729px) 100vw, 1729px\" title=\"RF Image2 Kat A\" alt=\"\" loading=\"lazy\" \t\tclass=\"so-widget-image\"\/>\n\t<\/div>\n\n<\/div><\/div><div id=\"panel-4588-1-1-1\" class=\"so-panel widget widget_sow-editor panel-last-child\" data-index=\"7\" ><div\n\t\t\t\n\t\t\tclass=\"so-widget-sow-editor so-widget-sow-editor-base\"\n\t\t\t\n\t\t>\n<div class=\"siteorigin-widget-tinymce textwidget\">\n\t<p>Atemberaubender Ausblick auf Eiger M\u00f6nch und Jungfrau<\/p>\n<\/div>\n<\/div><\/div><\/div><\/div><div id=\"pg-4588-2\"  class=\"panel-grid panel-no-style\" ><div id=\"pgc-4588-2-0\"  class=\"panel-grid-cell\" ><div id=\"panel-4588-2-0-0\" class=\"so-panel widget widget_siteorigin-panels-builder panel-first-child panel-last-child\" data-index=\"8\" ><div class=\"panel-widget-style panel-widget-style-for-4588-2-0-0\" ><div id=\"pl-w646635256beda\"  class=\"panel-layout\" ><div id=\"pg-w646635256beda-0\"  class=\"panel-grid panel-no-style\" ><div id=\"pgc-w646635256beda-0-0\"  class=\"panel-grid-cell\" ><div id=\"panel-w646635256beda-0-0-0\" class=\"so-panel widget widget_sow-image panel-first-child panel-last-child\" data-index=\"0\" ><div\n\t\t\t\n\t\t\tclass=\"so-widget-sow-image so-widget-sow-image-default-4e6925654b7a\"\n\t\t\t\n\t\t>\n<div class=\"sow-image-container\">\n\t\t<img \n\tsrc=\"https:\/\/mfgthun.ch\/wordpress\/wp-content\/uploads\/2021\/07\/RF-Kategorie-B-Banner.jpg\" width=\"150\" height=\"38\" srcset=\"https:\/\/mfgthun.ch\/wordpress\/wp-content\/uploads\/2021\/07\/RF-Kategorie-B-Banner.jpg 2388w, https:\/\/mfgthun.ch\/wordpress\/wp-content\/uploads\/2021\/07\/RF-Kategorie-B-Banner-300x76.jpg 300w, https:\/\/mfgthun.ch\/wordpress\/wp-content\/uploads\/2021\/07\/RF-Kategorie-B-Banner-1024x261.jpg 1024w, https:\/\/mfgthun.ch\/wordpress\/wp-content\/uploads\/2021\/07\/RF-Kategorie-B-Banner-768x196.jpg 768w, https:\/\/mfgthun.ch\/wordpress\/wp-content\/uploads\/2021\/07\/RF-Kategorie-B-Banner-1536x391.jpg 1536w, https:\/\/mfgthun.ch\/wordpress\/wp-content\/uploads\/2021\/07\/RF-Kategorie-B-Banner-2048x521.jpg 2048w\" sizes=\"(max-width: 150px) 100vw, 150px\" title=\"RF Kategorie B Banner\" alt=\"\" loading=\"lazy\" \t\tclass=\"so-widget-image\"\/>\n\t<\/div>\n\n<\/div><\/div><\/div><div id=\"pgc-w646635256beda-0-1\"  class=\"panel-grid-cell\" ><div id=\"panel-w646635256beda-0-1-0\" class=\"so-panel widget widget_sow-button panel-first-child panel-last-child\" data-index=\"1\" ><div\n\t\t\t\n\t\t\tclass=\"so-widget-sow-button so-widget-sow-button-atom-144c983c4712\"\n\t\t\t\n\t\t><div class=\"ow-button-base ow-button-align-left\"\n>\n\t\t\t<a\n\t\t\t\t\thref=\"http:\/\/mfgthun.ch\/wordpress\/wp-content\/uploads\/2022\/03\/Route_B.pdf\"\n\t\t\t\t\tclass=\"sowb-button ow-icon-placement-left ow-button-hover\" target=\"_blank\" rel=\"noopener noreferrer\" \t>\n\t\t<span>\n\t\t\t\n\t\t\tRoutenkarte (Kat. B)\t\t<\/span>\n\t\t\t<\/a>\n\t<\/div>\n<\/div><\/div><\/div><\/div><div id=\"pg-w646635256beda-1\"  class=\"panel-grid panel-no-style\" ><div id=\"pgc-w646635256beda-1-0\"  class=\"panel-grid-cell\" ><div id=\"panel-w646635256beda-1-0-0\" class=\"so-panel widget widget_sow-editor panel-first-child panel-last-child\" data-index=\"2\" ><div class=\"panel-widget-style panel-widget-style-for-w646635256beda-1-0-0\" ><div\n\t\t\t\n\t\t\tclass=\"so-widget-sow-editor so-widget-sow-editor-base\"\n\t\t\t\n\t\t>\n<div class=\"siteorigin-widget-tinymce textwidget\">\n\t<h4 style=\"text-align: left;\"><strong>75 Flugminuten - CHF 540<\/strong><strong>\u00a0(f\u00fcr 2 Pers.)<\/strong><\/h4>\n<p><strong>B1 - INNERSCHWEIZER<\/strong><br \/>\nThun - Schallenberg - Entlebuch - Pilatus - Luzern - Rigi - Altdorf - Furkapass - Goms - Aletschgletscher - Eiger\/M\u00f6nch\/Jungfrau - Interlaken - Thun<\/p>\n<p><strong>B2 - JURASSIER<\/strong><br \/>\nThun - Burgdorf - Langenthal - Del\u00e9mont - Chasseral - Neuenburg - Fribourg - Schwarzenburg - Thun<\/p>\n<p><strong>B3 - ROMANDIE<br \/>\n<\/strong>Thun - Schwarzenburg - Fribourg - Yverdon l.-B. - Lausanne - Montreux - Gstaad - Zweisimmen - Simmental - Spiez - Thun<\/p>\n<p><strong>B4 - WALLISER<br \/>\n<\/strong>Thun - Spiez - Simmental - Zweisimmen - Gstaad - Sanetschpass - Brig - Aletschgletscher - Eiger\/M\u00f6nch\/Jungfrau - Interlaken - Thun<\/p>\n<\/div>\n<\/div><\/div><\/div><\/div><\/div><\/div><\/div><\/div><\/div><div id=\"pgc-4588-2-1\"  class=\"panel-grid-cell\" ><div id=\"panel-4588-2-1-0\" class=\"so-panel widget widget_sow-image panel-first-child\" data-index=\"9\" ><div\n\t\t\t\n\t\t\tclass=\"so-widget-sow-image so-widget-sow-image-default-e8513d21b1d5-4588\"\n\t\t\t\n\t\t>\n<div class=\"sow-image-container\">\n\t\t<img \n\tsrc=\"https:\/\/mfgthun.ch\/wordpress\/wp-content\/uploads\/2021\/08\/RF-Image2-Kat-B.jpg\" width=\"1814\" height=\"1207\" srcset=\"https:\/\/mfgthun.ch\/wordpress\/wp-content\/uploads\/2021\/08\/RF-Image2-Kat-B.jpg 1814w, https:\/\/mfgthun.ch\/wordpress\/wp-content\/uploads\/2021\/08\/RF-Image2-Kat-B-300x200.jpg 300w, https:\/\/mfgthun.ch\/wordpress\/wp-content\/uploads\/2021\/08\/RF-Image2-Kat-B-1024x681.jpg 1024w, https:\/\/mfgthun.ch\/wordpress\/wp-content\/uploads\/2021\/08\/RF-Image2-Kat-B-768x511.jpg 768w, https:\/\/mfgthun.ch\/wordpress\/wp-content\/uploads\/2021\/08\/RF-Image2-Kat-B-1536x1022.jpg 1536w, https:\/\/mfgthun.ch\/wordpress\/wp-content\/uploads\/2021\/08\/RF-Image2-Kat-B-272x182.jpg 272w\" sizes=\"(max-width: 1814px) 100vw, 1814px\" title=\"RF Image2 Kat B\" alt=\"\" loading=\"lazy\" \t\tclass=\"so-widget-image\"\/>\n\t<\/div>\n\n<\/div><\/div><div id=\"panel-4588-2-1-1\" class=\"so-panel widget widget_sow-editor panel-last-child\" data-index=\"10\" ><div\n\t\t\t\n\t\t\tclass=\"so-widget-sow-editor so-widget-sow-editor-base\"\n\t\t\t\n\t\t>\n<div class=\"siteorigin-widget-tinymce textwidget\">\n\t<p>Zu Besuch beim Schilthorn (Piz Gloria)<\/p>\n<\/div>\n<\/div><\/div><\/div><\/div><div id=\"pg-4588-3\"  class=\"panel-grid panel-no-style\" ><div id=\"pgc-4588-3-0\"  class=\"panel-grid-cell\" ><div id=\"panel-4588-3-0-0\" class=\"so-panel widget widget_siteorigin-panels-builder panel-first-child panel-last-child\" data-index=\"11\" ><div class=\"panel-widget-style panel-widget-style-for-4588-3-0-0\" ><div id=\"pl-w646635256c4b0\"  class=\"panel-layout\" ><div id=\"pg-w646635256c4b0-0\"  class=\"panel-grid panel-no-style\" ><div id=\"pgc-w646635256c4b0-0-0\"  class=\"panel-grid-cell\" ><div id=\"panel-w646635256c4b0-0-0-0\" class=\"so-panel widget widget_sow-image panel-first-child panel-last-child\" data-index=\"0\" ><div\n\t\t\t\n\t\t\tclass=\"so-widget-sow-image so-widget-sow-image-default-4e6925654b7a\"\n\t\t\t\n\t\t>\n<div class=\"sow-image-container\">\n\t\t<img \n\tsrc=\"https:\/\/mfgthun.ch\/wordpress\/wp-content\/uploads\/2021\/07\/RF-Kategorie-C-Banner.jpg\" width=\"150\" height=\"38\" srcset=\"https:\/\/mfgthun.ch\/wordpress\/wp-content\/uploads\/2021\/07\/RF-Kategorie-C-Banner.jpg 2388w, https:\/\/mfgthun.ch\/wordpress\/wp-content\/uploads\/2021\/07\/RF-Kategorie-C-Banner-300x76.jpg 300w, https:\/\/mfgthun.ch\/wordpress\/wp-content\/uploads\/2021\/07\/RF-Kategorie-C-Banner-1024x261.jpg 1024w, https:\/\/mfgthun.ch\/wordpress\/wp-content\/uploads\/2021\/07\/RF-Kategorie-C-Banner-768x196.jpg 768w, https:\/\/mfgthun.ch\/wordpress\/wp-content\/uploads\/2021\/07\/RF-Kategorie-C-Banner-1536x391.jpg 1536w, https:\/\/mfgthun.ch\/wordpress\/wp-content\/uploads\/2021\/07\/RF-Kategorie-C-Banner-2048x521.jpg 2048w\" sizes=\"(max-width: 150px) 100vw, 150px\" title=\"RF Kategorie C Banner\" alt=\"\" loading=\"lazy\" \t\tclass=\"so-widget-image\"\/>\n\t<\/div>\n\n<\/div><\/div><\/div><div id=\"pgc-w646635256c4b0-0-1\"  class=\"panel-grid-cell\" ><div id=\"panel-w646635256c4b0-0-1-0\" class=\"so-panel widget widget_sow-button panel-first-child panel-last-child\" data-index=\"1\" ><div\n\t\t\t\n\t\t\tclass=\"so-widget-sow-button so-widget-sow-button-atom-144c983c4712\"\n\t\t\t\n\t\t><div class=\"ow-button-base ow-button-align-left\"\n>\n\t\t\t<a\n\t\t\t\t\thref=\"http:\/\/mfgthun.ch\/wordpress\/wp-content\/uploads\/2022\/03\/Route_C.pdf\"\n\t\t\t\t\tclass=\"sowb-button ow-icon-placement-left ow-button-hover\" target=\"_blank\" rel=\"noopener noreferrer\" \t>\n\t\t<span>\n\t\t\t\n\t\t\tRoutenkarte (Kat. C)\t\t<\/span>\n\t\t\t<\/a>\n\t<\/div>\n<\/div><\/div><\/div><\/div><div id=\"pg-w646635256c4b0-1\"  class=\"panel-grid panel-no-style\" ><div id=\"pgc-w646635256c4b0-1-0\"  class=\"panel-grid-cell\" ><div id=\"panel-w646635256c4b0-1-0-0\" class=\"so-panel widget widget_sow-editor panel-first-child panel-last-child\" data-index=\"2\" ><div class=\"panel-widget-style panel-widget-style-for-w646635256c4b0-1-0-0\" ><div\n\t\t\t\n\t\t\tclass=\"so-widget-sow-editor so-widget-sow-editor-base\"\n\t\t\t\n\t\t>\n<div class=\"siteorigin-widget-tinymce textwidget\">\n\t<h4 style=\"text-align: left;\"><strong>55 Flugminuten - CHF 420<\/strong><strong>\u00a0(f\u00fcr 2 Pers.)<\/strong><\/h4>\n<p><strong>C1 - ALETSCH<\/strong><br \/>\nThun - Spiez - Kandertal - Petersgrat - L\u00f6tschenl\u00fccke - Aletschgletscher - Eiger\/M\u00f6nch\/Jungfrau - Interlaken - Thun<\/p>\n<p><strong>C2 - PILATUS<\/strong><br \/>\nThun -\u00a0 Schallenberg - Entlebuch - Pilatus - Luzern - Sarnen - Br\u00fcnig - Brienz - Interlaken - Thun<\/p>\n<p><strong>C3 - R\u00d6SCHTIGRABE<br \/>\n<\/strong>Thun - Burgdorf - Biel - Neuenburg - Fribourg - Schwarzenburg - Thun<\/p>\n<p><strong>C4 - FONDUE<br \/>\n<\/strong>Thun - Schwarzenburg - Laupen - Fribourg - Greyerz - Jaunpass - Simmental - Spiez - Thun<\/p>\n<p><strong>C5 - OBERL\u00c4NDER<br \/>\n<\/strong>Thun - Simmental - Zweisimmen - Adelboden - Kandersteg - Eiger\/M\u00f6nch\/Jungfrau - Interlaken - Thun<\/p>\n<\/div>\n<\/div><\/div><\/div><\/div><\/div><\/div><\/div><\/div><\/div><div id=\"pgc-4588-3-1\"  class=\"panel-grid-cell\" ><div id=\"panel-4588-3-1-0\" class=\"so-panel widget widget_sow-image panel-first-child\" data-index=\"12\" ><div\n\t\t\t\n\t\t\tclass=\"so-widget-sow-image so-widget-sow-image-default-e8513d21b1d5-4588\"\n\t\t\t\n\t\t>\n<div class=\"sow-image-container\">\n\t\t<img \n\tsrc=\"https:\/\/mfgthun.ch\/wordpress\/wp-content\/uploads\/2021\/08\/RF-Image2-Kat-C.jpg\" width=\"1490\" height=\"1076\" srcset=\"https:\/\/mfgthun.ch\/wordpress\/wp-content\/uploads\/2021\/08\/RF-Image2-Kat-C.jpg 1490w, https:\/\/mfgthun.ch\/wordpress\/wp-content\/uploads\/2021\/08\/RF-Image2-Kat-C-300x217.jpg 300w, https:\/\/mfgthun.ch\/wordpress\/wp-content\/uploads\/2021\/08\/RF-Image2-Kat-C-1024x739.jpg 1024w, https:\/\/mfgthun.ch\/wordpress\/wp-content\/uploads\/2021\/08\/RF-Image2-Kat-C-768x555.jpg 768w\" sizes=\"(max-width: 1490px) 100vw, 1490px\" title=\"RF Image2 Kat C\" alt=\"\" loading=\"lazy\" \t\tclass=\"so-widget-image\"\/>\n\t<\/div>\n\n<\/div><\/div><div id=\"panel-4588-3-1-1\" class=\"so-panel widget widget_sow-editor panel-last-child\" data-index=\"13\" ><div\n\t\t\t\n\t\t\tclass=\"so-widget-sow-editor so-widget-sow-editor-base\"\n\t\t\t\n\t\t>\n<div class=\"siteorigin-widget-tinymce textwidget\">\n\t<p>Mystische Winterstimmung in den Berner Voralpen<\/p>\n<\/div>\n<\/div><\/div><\/div><\/div><div id=\"pg-4588-4\"  class=\"panel-grid panel-no-style\" ><div id=\"pgc-4588-4-0\"  class=\"panel-grid-cell\" ><div id=\"panel-4588-4-0-0\" class=\"so-panel widget widget_siteorigin-panels-builder panel-first-child panel-last-child\" data-index=\"14\" ><div class=\"panel-widget-style panel-widget-style-for-4588-4-0-0\" ><div id=\"pl-w646635256caf5\"  class=\"panel-layout\" ><div id=\"pg-w646635256caf5-0\"  class=\"panel-grid panel-no-style\" ><div id=\"pgc-w646635256caf5-0-0\"  class=\"panel-grid-cell\" ><div id=\"panel-w646635256caf5-0-0-0\" class=\"so-panel widget widget_sow-image panel-first-child panel-last-child\" data-index=\"0\" ><div\n\t\t\t\n\t\t\tclass=\"so-widget-sow-image so-widget-sow-image-default-4e6925654b7a\"\n\t\t\t\n\t\t>\n<div class=\"sow-image-container\">\n\t\t<img \n\tsrc=\"https:\/\/mfgthun.ch\/wordpress\/wp-content\/uploads\/2021\/07\/RF-Kategorie-D-Banner.jpg\" width=\"150\" height=\"38\" srcset=\"https:\/\/mfgthun.ch\/wordpress\/wp-content\/uploads\/2021\/07\/RF-Kategorie-D-Banner.jpg 2388w, https:\/\/mfgthun.ch\/wordpress\/wp-content\/uploads\/2021\/07\/RF-Kategorie-D-Banner-300x76.jpg 300w, https:\/\/mfgthun.ch\/wordpress\/wp-content\/uploads\/2021\/07\/RF-Kategorie-D-Banner-1024x261.jpg 1024w, https:\/\/mfgthun.ch\/wordpress\/wp-content\/uploads\/2021\/07\/RF-Kategorie-D-Banner-768x196.jpg 768w, https:\/\/mfgthun.ch\/wordpress\/wp-content\/uploads\/2021\/07\/RF-Kategorie-D-Banner-1536x391.jpg 1536w, https:\/\/mfgthun.ch\/wordpress\/wp-content\/uploads\/2021\/07\/RF-Kategorie-D-Banner-2048x521.jpg 2048w\" sizes=\"(max-width: 150px) 100vw, 150px\" title=\"RF Kategorie D Banner\" alt=\"\" loading=\"lazy\" \t\tclass=\"so-widget-image\"\/>\n\t<\/div>\n\n<\/div><\/div><\/div><div id=\"pgc-w646635256caf5-0-1\"  class=\"panel-grid-cell\" ><div id=\"panel-w646635256caf5-0-1-0\" class=\"so-panel widget widget_sow-button panel-first-child panel-last-child\" data-index=\"1\" ><div\n\t\t\t\n\t\t\tclass=\"so-widget-sow-button so-widget-sow-button-atom-144c983c4712\"\n\t\t\t\n\t\t><div class=\"ow-button-base ow-button-align-left\"\n>\n\t\t\t<a\n\t\t\t\t\thref=\"http:\/\/mfgthun.ch\/wordpress\/wp-content\/uploads\/2022\/03\/Route_D.pdf\"\n\t\t\t\t\tclass=\"sowb-button ow-icon-placement-left ow-button-hover\" target=\"_blank\" rel=\"noopener noreferrer\" \t>\n\t\t<span>\n\t\t\t\n\t\t\tRoutenkarte (Kat. D)\t\t<\/span>\n\t\t\t<\/a>\n\t<\/div>\n<\/div><\/div><\/div><\/div><div id=\"pg-w646635256caf5-1\"  class=\"panel-grid panel-no-style\" ><div id=\"pgc-w646635256caf5-1-0\"  class=\"panel-grid-cell\" ><div id=\"panel-w646635256caf5-1-0-0\" class=\"so-panel widget widget_sow-editor panel-first-child panel-last-child\" data-index=\"2\" ><div class=\"panel-widget-style panel-widget-style-for-w646635256caf5-1-0-0\" ><div\n\t\t\t\n\t\t\tclass=\"so-widget-sow-editor so-widget-sow-editor-base\"\n\t\t\t\n\t\t>\n<div class=\"siteorigin-widget-tinymce textwidget\">\n\t<h4 style=\"text-align: left;\"><strong>35 Flugminuten - CHF 295<\/strong><strong> (f\u00fcr 2 Pers.)<\/strong><\/h4>\n<p><strong>D1 - RUND-UM-THUN<\/strong><br \/>\nThun - Stockental - Spiez - Leissigen - Schynige Platte - Interlaken - Niederhorn - Steffisburg - Thun<\/p>\n<p><strong>D2 - \u00c4MMITALER<\/strong><br \/>\nThun - Konolfingen - Grossh\u00f6chstetten - Signau - Langnau - Eggiwil - Schallenberg - Steffisburg - Thun<\/p>\n<p><strong>D3 - B\u00c4REGRABE<br \/>\n<\/strong>Thun - Riggisberg - Schwarzenburg - Flamatt - Stadt Bern - Burgdorf - Konolfingen - Thun<\/p>\n<p><strong>D4 - GURNIGU<br \/>\n<\/strong>Thun - Riggisberg - Schwarzenburg - Schwarzsee - Ochse - Gantrisch - Stockhorn - Thun<\/p>\n<\/div>\n<\/div><\/div><\/div><\/div><\/div><\/div><\/div><\/div><\/div><div id=\"pgc-4588-4-1\"  class=\"panel-grid-cell\" ><div id=\"panel-4588-4-1-0\" class=\"so-panel widget widget_sow-image panel-first-child\" data-index=\"15\" ><div\n\t\t\t\n\t\t\tclass=\"so-widget-sow-image so-widget-sow-image-default-e8513d21b1d5-4588\"\n\t\t\t\n\t\t>\n<div class=\"sow-image-container\">\n\t\t<img \n\tsrc=\"https:\/\/mfgthun.ch\/wordpress\/wp-content\/uploads\/2021\/08\/RF-Image-2-Kat-D.jpg\" width=\"1814\" height=\"1207\" srcset=\"https:\/\/mfgthun.ch\/wordpress\/wp-content\/uploads\/2021\/08\/RF-Image-2-Kat-D.jpg 1814w, https:\/\/mfgthun.ch\/wordpress\/wp-content\/uploads\/2021\/08\/RF-Image-2-Kat-D-300x200.jpg 300w, https:\/\/mfgthun.ch\/wordpress\/wp-content\/uploads\/2021\/08\/RF-Image-2-Kat-D-1024x681.jpg 1024w, https:\/\/mfgthun.ch\/wordpress\/wp-content\/uploads\/2021\/08\/RF-Image-2-Kat-D-768x511.jpg 768w, https:\/\/mfgthun.ch\/wordpress\/wp-content\/uploads\/2021\/08\/RF-Image-2-Kat-D-1536x1022.jpg 1536w, https:\/\/mfgthun.ch\/wordpress\/wp-content\/uploads\/2021\/08\/RF-Image-2-Kat-D-272x182.jpg 272w\" sizes=\"(max-width: 1814px) 100vw, 1814px\" title=\"RF Image 2 Kat D\" alt=\"\" loading=\"lazy\" \t\tclass=\"so-widget-image\"\/>\n\t<\/div>\n\n<\/div><\/div><div id=\"panel-4588-4-1-1\" class=\"so-panel widget widget_sow-editor panel-last-child\" data-index=\"16\" ><div\n\t\t\t\n\t\t\tclass=\"so-widget-sow-editor so-widget-sow-editor-base\"\n\t\t\t\n\t\t>\n<div class=\"siteorigin-widget-tinymce textwidget\">\n\t<p>Spiez beim Thunersee im Anflug auf Thun<\/p>\n<\/div>\n<\/div><\/div><\/div><\/div><div id=\"pg-4588-5\"  class=\"panel-grid panel-no-style\" ><div id=\"pgc-4588-5-0\"  class=\"panel-grid-cell panel-grid-cell-empty\" ><\/div><\/div><div id=\"pg-4588-6\"  class=\"panel-grid panel-no-style\" ><div id=\"pgc-4588-6-0\"  class=\"panel-grid-cell\" ><div id=\"panel-4588-6-0-0\" class=\"so-panel widget widget_sow-editor panel-first-child panel-last-child\" data-index=\"17\" ><div\n\t\t\t\n\t\t\tclass=\"so-widget-sow-editor so-widget-sow-editor-base\"\n\t\t\t\n\t\t>\n<div class=\"siteorigin-widget-tinymce textwidget\">\n\t<h4>AUSKUNFT<\/h4>\n<p>Haben Sie eine Frage? Gerne geben wir Ihnen Auskunft.<\/p>\n<p><span class=\"xr_tl xr_s3\">Rundflugchef \/ Koordination<br \/>\n<\/span><span class=\"xr_tl xr_s3\">Hans Eicher<br \/>\n<\/span><span class=\"xr_tl xr_s3\">Marcel Blaser (Stv.)<br \/>\n<strong>033 223 21 15<\/strong><br \/>\n<\/span><span class=\"xr_tl xr_s3\"><a href=\"\/\"  class=\"mailcrypt\">rundflug<span><span>\u2202<\/span><\/span>mfgthun.ch<\/a><\/span><\/p>\n<\/div>\n<\/div><\/div><\/div><div id=\"pgc-4588-6-1\"  class=\"panel-grid-cell\" ><div id=\"panel-4588-6-1-0\" class=\"so-panel widget widget_sow-editor panel-first-child\" data-index=\"18\" ><div\n\t\t\t\n\t\t\tclass=\"so-widget-sow-editor so-widget-sow-editor-base\"\n\t\t\t\n\t\t>\n<div class=\"siteorigin-widget-tinymce textwidget\">\n\t<h4>GUTSCHEIN BESTELLEN<br \/>\nRUNDFLUG BUCHEN<\/h4>\n<p>Erhalten Sie einen Geschenkgutschein per Post oder buchen Sie einen Rundflug.<\/p>\n<\/div>\n<\/div><\/div><div id=\"panel-4588-6-1-1\" class=\"so-panel widget widget_sow-button panel-last-child\" data-index=\"19\" ><div\n\t\t\t\n\t\t\tclass=\"so-widget-sow-button so-widget-sow-button-atom-55fa42ac2efc-4588\"\n\t\t\t\n\t\t><div class=\"ow-button-base ow-button-align-left\"\n>\n\t\t\t<a\n\t\t\t\t\thref=\"https:\/\/mfgthun.ch\/wordpress\/rundflug-buchen\/\"\n\t\t\t\t\tclass=\"sowb-button ow-icon-placement-left ow-button-hover\" \t>\n\t\t<span>\n\t\t\t\n\t\t\tGutschein \/ Buchen\t\t<\/span>\n\t\t\t<\/a>\n\t<\/div>\n<\/div><\/div><\/div><div id=\"pgc-4588-6-2\"  class=\"panel-grid-cell\" ><div id=\"panel-4588-6-2-0\" class=\"so-panel widget widget_sow-editor panel-first-child panel-last-child\" data-index=\"20\" ><div\n\t\t\t\n\t\t\tclass=\"so-widget-sow-editor so-widget-sow-editor-base\"\n\t\t\t\n\t\t>\n<div class=\"siteorigin-widget-tinymce textwidget\">\n\t<h4>GUTSCHEIN VERKAUFSSTELLEN<\/h4>\n<p>Kaufen Sie einen Geschenkgutschein bei unseren Verkaufspartnern (w\u00e4hrend \u00d6ffnungszeiten)<\/p>\n<p><span class=\"xr_tl xr_s3\">Aviator's Fluplatz Bistro<br \/>\n<\/span><span class=\"xr_tl xr_s3\"><a href=\"https:\/\/goo.gl\/maps\/9P2HMv4C4a5vXhZi6\" target=\"_blank\" rel=\"noopener\">Allmendstrasse 181K, 3603 Thun-Lerchenfeld<\/a><br \/>\n<\/span><span class=\"xr_tl xr_s3\">033 223 06 06<\/span><\/p>\n<p>Restaurant Kreuz Allmendingen<br \/>\n<a href=\"https:\/\/goo.gl\/maps\/WqnwZxm9P9nk2wMSA\" target=\"_blank\" rel=\"noopener\">Allmendingenstrasse 6, 3608 Thun<\/a><br \/>\n033 336 80 60<\/p>\n<\/div>\n<\/div><\/div><\/div><\/div><div id=\"pg-4588-7\"  class=\"panel-grid panel-no-style\" ><div id=\"pgc-4588-7-0\"  class=\"panel-grid-cell\" ><div id=\"panel-4588-7-0-0\" class=\"so-panel widget widget_sow-editor panel-first-child\" data-index=\"21\" ><div\n\t\t\t\n\t\t\tclass=\"so-widget-sow-editor so-widget-sow-editor-base\"\n\t\t\t\n\t\t>\n<div class=\"siteorigin-widget-tinymce textwidget\">\n\t<h3>INFORMATIONEN F\u00dcR PASSAGIERE<\/h3>\n<p><a href=\"http:\/\/www.thun-airfield.ch\/startseite\/zufahrt\/\" target=\"_blank\" rel=\"noopener\" data-mce-href=\"http:\/\/www.thun-airfield.ch\/startseite\/zufahrt\/\"><strong>Anreise zum Flugplatz Thun<\/strong><\/a><\/p>\n<p><strong>Anzahl Passagiere<\/strong><br \/>Alle Preise verstehen sich pro Flug und gelten f\u00fcr zwei erwachsene Personen. In Abh\u00e4ngigkeit vom Gewicht (z. B. 2 Kinder + 1 Erwachsener) k\u00f6nnen auch drei Passagiere mitfliegen. Gerne pr\u00fcfen wir im Vorfeld auf Anfrage diese M\u00f6glichkeit.<\/p>\n<p><strong>Gutscheine einl\u00f6sen<\/strong><br \/>Gutscheine k\u00f6nnen am Tag des Fluges vor Ort direkt eingel\u00f6st werden.<\/p>\n<p><strong>Bezahlung vor Ort<br \/><\/strong>Wer ohne Gutschein einen Flug bucht kann den Betrag am Tag des Fluges vor Ort bezahlen. Verf\u00fcgbare Zahlungsm\u00f6glichkeiten: Bargeld (kein R\u00fcckgeld m\u00f6glich), Karten (EC \/ Post \/ MasterCard \/ VISA), <a href=\"http:\/\/mfgthun.ch\/wordpress\/wp-content\/uploads\/2021\/07\/RF-TWINT-scaled.jpg\" data-mce-href=\"http:\/\/mfgthun.ch\/wordpress\/wp-content\/uploads\/2021\/07\/RF-TWINT-scaled.jpg\"><strong>TWINT<\/strong><\/a><\/p>\n<p><strong>Gutschein upgrade<br \/><\/strong>Gutscheine der Kategorie B, C und D k\u00f6nnen auf Wunsch auf eine h\u00f6here Kategorie hochgestuft werden. Bezahlen Sie am Tag des Fluges vor Ort die Preisdifferenz der entsprechenden Kategorien.<\/p>\n<p><strong>Informationsblatt f\u00fcr Passagiere<\/strong><br \/>Jeder Passagier muss vor dem Flug das aktuelle Informationsblatt lesen und unterzeichnen. Gerne d\u00fcrfen Sie dieses Informationsblatt bereits im Vorfeld lesen und unterzeichnet mitbringen um vor Ort Zeit zu sparen.<\/p>\n<\/div>\n<\/div><\/div><div id=\"panel-4588-7-0-1\" class=\"so-panel widget widget_sow-button panel-last-child\" data-index=\"22\" ><div\n\t\t\t\n\t\t\tclass=\"so-widget-sow-button so-widget-sow-button-atom-d1acfcbfc6ed-4588\"\n\t\t\t\n\t\t><div class=\"ow-button-base ow-button-align-left\"\n>\n\t\t\t<a\n\t\t\t\t\thref=\"http:\/\/mfgthun.ch\/wordpress\/wp-content\/uploads\/2025\/07\/Informationsblatt-Pax_3_Us.pdf\"\n\t\t\t\t\tclass=\"sowb-button ow-icon-placement-left ow-button-hover\" target=\"_blank\" rel=\"noopener noreferrer\" \t>\n\t\t<span>\n\t\t\t\n\t\t\tInformationsblatt Passagiere\t\t<\/span>\n\t\t\t<\/a>\n\t<\/div>\n<\/div><\/div><\/div><\/div><\/div>","protected":false},"excerpt":{"rendered":"<p>Heben Sie ab in die Schweizer Bergwelt oder erkunden Sie das vielseitige Mittelland aus der Vogelperspektive. Bereiten Sie jemandem eine besondere Freude und schenken Sie einen Gutschein. Wir freuen uns, Sie auf dem Flugplatz Thun an Board begr\u00fcssen zu d\u00fcrfen.<\/p>\n","protected":false},"author":5,"featured_media":0,"parent":0,"menu_order":0,"comment_status":"closed","ping_status":"closed","template":"page-fullwidth.php","meta":{"kt_blocks_editor_width":""},"_links":{"self":[{"href":"https:\/\/mfgthun.ch\/wordpress\/wp-json\/wp\/v2\/pages\/4588"}],"collection":[{"href":"https:\/\/mfgthun.ch\/wordpress\/wp-json\/wp\/v2\/pages"}],"about":[{"href":"https:\/\/mfgthun.ch\/wordpress\/wp-json\/wp\/v2\/types\/page"}],"author":[{"embeddable":true,"href":"https:\/\/mfgthun.ch\/wordpress\/wp-json\/wp\/v2\/users\/5"}],"replies":[{"embeddable":true,"href":"https:\/\/mfgthun.ch\/wordpress\/wp-json\/wp\/v2\/comments?post=4588"}],"version-history":[{"count":244,"href":"https:\/\/mfgthun.ch\/wordpress\/wp-json\/wp\/v2\/pages\/4588\/revisions"}],"predecessor-version":[{"id":5104,"href":"https:\/\/mfgthun.ch\/wordpress\/wp-json\/wp\/v2\/pages\/4588\/revisions\/5104"}],"wp:attachment":[{"href":"https:\/\/mfgthun.ch\/wordpress\/wp-json\/wp\/v2\/media?parent=4588"}],"curies":[{"name":"wp","href":"https:\/\/api.w.org\/{rel}","templated":true}]}}